{"id":4743,"date":"2021-09-27T00:21:36","date_gmt":"2021-09-27T04:21:36","guid":{"rendered":"https:\/\/veneportal.com\/clasificados\/listing\/servicio-tecnico-neckar-el-prat-de-llobregat-934242687\/"},"modified":"2021-09-27T00:22:26","modified_gmt":"2021-09-27T04:22:26","slug":"servicio-tecnico-neckar-el-prat-de-llobregat-934242687","status":"publish","type":"rtcl_listing","link":"https:\/\/veneportal.com\/clasificados\/listing\/servicio-tecnico-neckar-el-prat-de-llobregat-934242687\/","title":{"rendered":"Servicio T\u00e9cnico Neckar El Prat de Llobregat 934242687"},"content":{"rendered":"<p>&nbsp;<\/p>\n<p>Visita nuestra web: <a href=\"https:\/\/serviciotecnico-elpratdellobregat.com.es\/servicio-tecnico-neckar-el-prat-de-llobregat\/\" target=\"_blank\" rel=\"noopener\">Servicio T\u00e9cnico Neckar El Prat de Llobregat\u00a0<\/a><\/p>\n<p>Cuando su Caldera Neckar deja de funcionar y deja de recibir agua caliente es una molestia, por ello le recomendamos que cuente con un Servicio T\u00e9cnico Neckar Vic profesional para reparar todos sus aparatos de calefacci\u00f3n y Aire Acondicionado, estamos especializados en la reparaci\u00f3n de Calderas Neckar, Calentadores Neckar, Termos Neckar, Calefacci\u00f3n Neckar, Acumuladores Neckar, Aire Acondicionado Neckar y todo tipo de electrodom\u00e9sticos de climatizaci\u00f3n del hogar, porque en nuestro Servicio T\u00e9cnico Neckar El Prat de Llobregat solo contamos con aut\u00e9nticos profesionales capaces de proporcionar un servicio de calidad para nuestros clientes, ll\u00e1menos y compruebe usted mismo el claro ejemplo de la definici\u00f3n de un Servicio T\u00e9cnico Neckar de lujo en El Prat de Llobregat, no se arrepentir\u00e1.<\/p>\n<p>&nbsp;<\/p>\n<p>Ll\u00e1menos y despreoc\u00fapese: (directo a T\u00e9cnico): 934 242 687<\/p>\n<p>&nbsp;<\/p>\n<p>Servicio T\u00e9cnico Neckar El Prat de Llobregat, Asistencia T\u00e9cnica Neckar El Prat de Llobregat, Central Aver\u00edas Neckar El Prat de Llobregat, Reparaci\u00f3n Electrodom\u00e9sticos Calefacci\u00f3n Neckar El Prat de Llobregat, Servicio T\u00e9cnico Calderas Neckar El Prat de Llobregat, Servicio T\u00e9cnico Calentadores Neckar El Prat de Llobregat, Servicio T\u00e9cnico Acumuladores Neckar El Prat de Llobregat, Servicio T\u00e9cnico Termos Neckar El Prat de Llobregat, Servicio T\u00e9cnico Calefacci\u00f3n Neckar El Prat de Llobregat.<\/p>\n<p>Prestamos Servicio T\u00e9cnico Neckar en:<\/p>\n<p>Servicio T\u00e9cnico Neckar en Sabadell<\/p>\n<p>Servicio T\u00e9cnico Neckar en Hospitalet de Llobregat<\/p>\n<p>Servicio T\u00e9cnico\u00a0 Neckar Terrassa<\/p>\n<p>Servicio T\u00e9cnico Neckar Badalona<\/p>\n<p>Servicio T\u00e9cnico Neckar en Granollers<\/p>\n<p>Servicio T\u00e9cnico Neckar en Premi\u00e0 de Mar<\/p>\n<p>Servicio T\u00e9cnico Neckar en Premi\u00e0 de Mar<\/p>\n<p>Servicio T\u00e9cnico Neckar en Vilassar de Mar<\/p>\n<p>Servicio T\u00e9cnico Neckar en Martorell<\/p>\n<p>Servicio T\u00e9cnico Neckar en Matar\u00f3<\/p>\n<p>Servicio T\u00e9cnico Neckar en La Neckar del Vall\u00e8s<\/p>\n<p>Servicio T\u00e9cnico Neckar en Mollet del Vall\u00e8s<\/p>\n<p>Servicio T\u00e9cnico Neckar en Parets del Vall\u00e8s<\/p>\n<p>Servicio T\u00e9cnico Neckar en Caldes de Montbui<\/p>\n<p>Servicio T\u00e9cnico Neckar en La Llagosta<\/p>\n<p>Servicio T\u00e9cnico Neckar en Cerdanyola del Vall\u00e8s<\/p>\n<p>Servicio T\u00e9cnico Neckar en Sant Cugat del Vall\u00e8s<\/p>\n<p>Servicio T\u00e9cnico Neckar en Castellar del Vall\u00e8s<\/p>\n<p>Servicio T\u00e9cnico Neckar en Sant Quirze del Vall\u00e8s<\/p>\n<p>Servicio T\u00e9cnico Neckar en Rub\u00ed<\/p>\n<p>Servicio T\u00e9cnico Neckar en Sant Andreu de la Barca<\/p>\n<p>Servicio T\u00e9cnico Neckar en Molins de Rei<\/p>\n<p>Servicio T\u00e9cnico Neckar en Gava<\/p>\n<p>Servicio T\u00e9cnico Neckar en Sant Vicen\u00e7 dels Horts<\/p>\n<p>Servicio T\u00e9cnico Neckar en Vallirana<\/p>\n<p>Servicio T\u00e9cnico Neckar en Sant Feliu de Llobrega<\/p>\n<p>Servicio T\u00e9cnico Neckar en Sant Joan Desp\u00ed<\/p>\n<p>Servicio T\u00e9cnico Neckar en Cornell\u00e0 de Llobregat<\/p>\n<p>Servicio T\u00e9cnico Neckar en Sant Boi de Llobregat<\/p>\n<p>Servicio T\u00e9cnico Neckar en Esplugues Llobregat<\/p>\n<p>Servicio T\u00e9cnico Neckar en L&#8217;Hospitalet<\/p>\n<p>Servicio T\u00e9cnico Neckar en Viladecans<\/p>\n<p>Servicio T\u00e9cnico Neckar en El Prat de Llobregat<\/p>\n<p>Servicio T\u00e9cnico Neckar en Castelldefels<\/p>\n<p>&nbsp;<\/p>\n<p>Reparaci\u00f3n caldera Neckar El Prat de Llobregat<br \/>\nReparaci\u00f3n calentador Neckar El Prat de Llobregat<br \/>\nReparaci\u00f3n termo Neckar El Prat de Llobregat<br \/>\nReparaci\u00f3n acumulador Neckar El Prat de Llobregat<br \/>\nReparaci\u00f3n radiador Neckar El Prat de Llobregat<br \/>\nReparaci\u00f3n calefacci\u00f3n Neckar El Prat de Llobregat<\/p>\n<p>&nbsp;<\/p>\n<p>Reparaci\u00f3n Aire Acondicionado Neckar El Prat de Llobregat<br \/>\nServicio T\u00e9cnico Aire Acondicionado Neckar El Prat de Llobregat.<\/p>\n<p>&nbsp;<\/p>\n<p>Los logos y marcas de cada servicio expuesto en este website son propiedad de Servicio T\u00e9cnico Oficial Neckar El Prat de Llobregat y SAT oficial Neckar El Prat de Llobregat, estando protegidos por las Leyes del Copyright, as\u00ed como nuestros t\u00e9cnicos est\u00e1n especializados en el Servicio T\u00e9cnico y reparaci\u00f3n de la marca Neckar. 09\/2021<br \/>\n&nbsp;<\/p>\n<p>&nbsp;<\/p>\n<p>&nbsp;<\/p>\n<p>&nbsp;<\/p>\n<p>&nbsp;<\/p>\n<p>&nbsp;<\/p>\n","protected":false},"author":336,"comment_status":"open","ping_status":"closed","template":"","class_list":["post-4743","rtcl_listing","type-rtcl_listing","status-publish","hentry","rtcl_category-servicios","listing-item","rtcl-listing-item"],"_links":{"self":[{"href":"https:\/\/veneportal.com\/clasificados\/wp-json\/wp\/v2\/rtcl_listing\/4743","targetHints":{"allow":["GET"]}}],"collection":[{"href":"https:\/\/veneportal.com\/clasificados\/wp-json\/wp\/v2\/rtcl_listing"}],"about":[{"href":"https:\/\/veneportal.com\/clasificados\/wp-json\/wp\/v2\/types\/rtcl_listing"}],"author":[{"embeddable":true,"href":"https:\/\/veneportal.com\/clasificados\/wp-json\/wp\/v2\/users\/336"}],"replies":[{"embeddable":true,"href":"https:\/\/veneportal.com\/clasificados\/wp-json\/wp\/v2\/comments?post=4743"}],"wp:attachment":[{"href":"https:\/\/veneportal.com\/clasificados\/wp-json\/wp\/v2\/media?parent=4743"}],"curies":[{"name":"wp","href":"https:\/\/api.w.org\/{rel}","templated":true}]}}